{"id":6739,"date":"2026-09-02T19:12:51","date_gmt":"2026-09-02T23:12:51","guid":{"rendered":"https:\/\/compassionateottawa.ca\/event\/conversations-avec-des-leaders-comprendre-laide-medicale-a-mourir-amd\/"},"modified":"2026-09-02T19:12:51","modified_gmt":"2026-09-02T23:12:51","slug":"conversations-avec-des-leaders-comprendre-laide-medicale-a-mourir-amd","status":"publish","type":"tribe_events","link":"https:\/\/compassionateottawa.ca\/fr\/event\/conversations-avec-des-leaders-comprendre-laide-medicale-a-mourir-amd\/","title":{"rendered":"Conversations avec des leaders: comprendre l&rsquo;aide m\u00e9dicale \u00e0 mourir (AMD)"},"content":{"rendered":"<div class=\"fusion-fullwidth fullwidth-box fusion-builder-row-1 fusion-flex-container nonhundred-percent-fullwidth non-hundred-percent-height-scrolling\" style=\"--awb-border-radius-top-left:0px;--awb-border-radius-top-right:0px;--awb-border-radius-bottom-right:0px;--awb-border-radius-bottom-left:0px;--awb-flex-wrap:wrap;\" ><div class=\"fusion-builder-row fusion-row fusion-flex-align-items-flex-start fusion-flex-content-wrap\" style=\"max-width:1365px;margin-left: calc(-5% \/ 2 );margin-right: calc(-5% \/ 2 );\"><div class=\"fusion-layout-column fusion_builder_column fusion-builder-column-0 fusion_builder_column_1_1 1_1 fusion-flex-column\" style=\"--awb-bg-blend:overlay;--awb-bg-size:cover;--awb-width-large:100%;--awb-margin-top-large:0px;--awb-spacing-right-large:2.375%;--awb-margin-bottom-large:0px;--awb-spacing-left-large:2.375%;--awb-width-medium:100%;--awb-spacing-right-medium:2.375%;--awb-spacing-left-medium:2.375%;--awb-width-small:100%;--awb-spacing-right-small:2.375%;--awb-spacing-left-small:2.375%;\"><div class=\"fusion-column-wrapper fusion-flex-justify-content-flex-start fusion-content-layout-column\"><div class=\"fusion-text fusion-text-1\"><h6>L&rsquo;aide m\u00e9dicale \u00e0 mourir (AMD) occupe d\u00e9sormais une place importante dans les d\u00e9bats sur les soins de fin de vie au Canada. Dr James Downar est de retour pour une nouvelle \u00e9dition de la s\u00e9rie \u00ab Conversations avec des leaders \u00bb, afin cette fois-ci d&rsquo;expliquer en quoi consiste l&rsquo;AMD, de d\u00e9mystifier les id\u00e9es re\u00e7ues et les fausses croyances courantes, et d&rsquo;\u00e9voquer sa place dans le contexte plus large des soins palliatifs et de fin de vie. Il abordera \u00e9galement certaines des questions cl\u00e9s, des d\u00e9fis et des d\u00e9bats en constante \u00e9volution qui entourent aujourd&rsquo;hui l&rsquo;AMD au Canada. La discussion se terminera par une s\u00e9ance de questions-r\u00e9ponses avec le public.   <\/h6>\n<\/div><div class=\"fusion-builder-row fusion-builder-row-inner fusion-row fusion-flex-align-items-flex-start fusion-flex-content-wrap\" style=\"width:105% !important;max-width:105% !important;margin-left: calc(-5% \/ 2 );margin-right: calc(-5% \/ 2 );\"><div class=\"fusion-layout-column fusion_builder_column_inner fusion-builder-nested-column-0 fusion_builder_column_inner_1_2 1_2 fusion-flex-column\" style=\"--awb-bg-size:cover;--awb-width-large:50%;--awb-margin-top-large:0px;--awb-spacing-right-large:4.75%;--awb-margin-bottom-large:20px;--awb-spacing-left-large:4.75%;--awb-width-medium:50%;--awb-order-medium:0;--awb-spacing-right-medium:4.75%;--awb-spacing-left-medium:4.75%;--awb-width-small:100%;--awb-order-small:0;--awb-spacing-right-small:2.375%;--awb-spacing-left-small:2.375%;\"><div class=\"fusion-column-wrapper fusion-column-has-shadow fusion-flex-justify-content-flex-start fusion-content-layout-column\"><div class=\"fusion-person person fusion-person-left fusion-person-1 fusion-person-icon-top\" style=\"--awb-pic-style-color:#000000;--awb-pic-borderradius:0px;--awb-margin-top:0px;--awb-margin-right:12px;--awb-margin-bottom:-33px;--awb-margin-left:20px;--awb-social-box-border-top:0px;--awb-social-box-border-right:0px;--awb-social-box-border-bottom:0px;--awb-social-box-border-left:0px;--awb-social-box-border-color:var(--awb-color3);--awb-social-box-border-color-hover:var(--awb-color4);--awb-social-box-colors-hover:rgba(242,243,245,0.8);--awb-social-icon-boxed-colors:#f2f3f5;--awb-social-icon-colors:#005487;--awb-social-icon-colors-hover:rgba(0,84,135,0.8);\"><div class=\"person-shortcode-image-wrapper\"><div class=\"person-image-container hover-type-none\" style=\"border:6px solid #e2e2e2;-webkit-border-radius:0px;-moz-border-radius:0px;border-radius:0px;\"><img data-opt-id=1853593158  fetchpriority=\"high\" decoding=\"async\" class=\"person-img img-responsive wp-image-6705\" width=\"240\" height=\"300\" src=\"https:\/\/mlexcy8pajmr.i.optimole.com\/cb:PuJa.7b8\/w:240\/h:300\/q:mauto\/f:best\/https:\/\/compassionateottawa.ca\/wp-content\/uploads\/2026\/05\/001_DOWNAR_JAMES_EDI.jpg\" alt=\"James Downar \" srcset=\"https:\/\/mlexcy8pajmr.i.optimole.com\/cb:PuJa.7b8\/w:200\/h:250\/q:mauto\/f:best\/https:\/\/compassionateottawa.ca\/wp-content\/uploads\/2026\/05\/001_DOWNAR_JAMES_EDI.jpg 200w, https:\/\/mlexcy8pajmr.i.optimole.com\/cb:PuJa.7b8\/w:400\/h:500\/q:mauto\/f:best\/https:\/\/compassionateottawa.ca\/wp-content\/uploads\/2026\/05\/001_DOWNAR_JAMES_EDI.jpg 400w, https:\/\/mlexcy8pajmr.i.optimole.com\/cb:PuJa.7b8\/w:600\/h:750\/q:mauto\/f:best\/https:\/\/compassionateottawa.ca\/wp-content\/uploads\/2026\/05\/001_DOWNAR_JAMES_EDI.jpg 600w, https:\/\/mlexcy8pajmr.i.optimole.com\/cb:PuJa.7b8\/w:640\/h:800\/q:mauto\/f:best\/https:\/\/compassionateottawa.ca\/wp-content\/uploads\/2026\/05\/001_DOWNAR_JAMES_EDI.jpg 640w\" sizes=\"(max-width: 700px) 100vw, 600px\" \/><\/div><\/div><div class=\"person-desc\"><div class=\"person-author\"><div class=\"person-author-wrapper\"><span class=\"person-name\">James Downar <\/span><span class=\"person-title\"><\/span><\/div><\/div><div class=\"person-content fusion-clearfix\"><\/div><\/div><\/div><\/div><\/div><div class=\"fusion-layout-column fusion_builder_column_inner fusion-builder-nested-column-1 fusion_builder_column_inner_1_2 1_2 fusion-flex-column\" style=\"--awb-bg-size:cover;--awb-width-large:50%;--awb-margin-top-large:0px;--awb-spacing-right-large:4.75%;--awb-margin-bottom-large:20px;--awb-spacing-left-large:4.75%;--awb-width-medium:50%;--awb-order-medium:0;--awb-spacing-right-medium:4.75%;--awb-spacing-left-medium:4.75%;--awb-width-small:100%;--awb-order-small:0;--awb-spacing-right-small:2.375%;--awb-spacing-left-small:2.375%;\"><div class=\"fusion-column-wrapper fusion-column-has-shadow fusion-flex-justify-content-flex-start fusion-content-layout-column\"><div class=\"fusion-text fusion-text-2\" style=\"--awb-font-size:12px;\"><p><strong>James Downar<\/strong> est m\u00e9decin en soins intensifs et en soins palliatifs \u00e0 Ottawa ; il est titulaire d\u2019une ma\u00eetrise en bio\u00e9thique. Il est actuellement professeur et chef de la Division des soins palliatifs \u00e0 l\u2019Universit\u00e9 d\u2019Ottawa, o\u00f9 il occupe une chaire de recherche clinique en soins palliatifs et en fin de vie. Il est professeur associ\u00e9 \u00e0 l\u2019Australian Centre for Health Law Research de l\u2019Universit\u00e9 de technologie du Queensland. Il est l&rsquo;ancien pr\u00e9sident de la Soci\u00e9t\u00e9 canadienne de soins intensifs et copr\u00e9sident du Pan-Canadian Palliative Care Research Collaborative. Il est l&rsquo;auteur de pr\u00e8s de 200 publications \u00e9valu\u00e9es par des pairs et a \u00e9t\u00e9 chercheur principal dans le cadre de plus de 30 subventions \u00e9valu\u00e9es par des pairs. En 2025, il a re\u00e7u la m\u00e9daille du couronnement du roi Charles III pour sa contribution aux soins palliatifs au Canada, et en 2021, il a re\u00e7u le Prix d\u2019excellence de la Section de m\u00e9decine palliative de l\u2019Association m\u00e9dicale de l\u2019Ontario.<\/p>\n<\/div><\/div><\/div><\/div><div class=\"fusion-builder-row fusion-builder-row-inner fusion-row fusion-flex-align-items-flex-start fusion-flex-content-wrap\" style=\"width:105% !important;max-width:105% !important;margin-left: calc(-5% \/ 2 );margin-right: calc(-5% \/ 2 );\"><div class=\"fusion-layout-column fusion_builder_column_inner fusion-builder-nested-column-2 fusion_builder_column_inner_1_2 1_2 fusion-flex-column\" style=\"--awb-bg-size:cover;--awb-width-large:50%;--awb-margin-top-large:0px;--awb-spacing-right-large:4.75%;--awb-margin-bottom-large:20px;--awb-spacing-left-large:4.75%;--awb-width-medium:50%;--awb-order-medium:0;--awb-spacing-right-medium:4.75%;--awb-spacing-left-medium:4.75%;--awb-width-small:100%;--awb-order-small:0;--awb-spacing-right-small:2.375%;--awb-spacing-left-small:2.375%;\"><div class=\"fusion-column-wrapper fusion-column-has-shadow fusion-flex-justify-content-flex-start fusion-content-layout-column\"><div class=\"fusion-person person fusion-person-left fusion-person-2 fusion-person-icon-top\" style=\"--awb-pic-style-color:#000000;--awb-pic-borderradius:0px;--awb-margin-top:0px;--awb-margin-right:0px;--awb-margin-bottom:-33px;--awb-margin-left:20px;--awb-social-box-border-top:0px;--awb-social-box-border-right:0px;--awb-social-box-border-bottom:0px;--awb-social-box-border-left:0px;--awb-social-box-border-color:var(--awb-color3);--awb-social-box-border-color-hover:var(--awb-color4);--awb-social-box-colors-hover:rgba(242,243,245,0.8);--awb-social-icon-boxed-colors:#f2f3f5;--awb-social-icon-colors:#005487;--awb-social-icon-colors-hover:rgba(0,84,135,0.8);\"><div class=\"person-shortcode-image-wrapper\"><div class=\"person-image-container hover-type-none\" style=\"border:6px solid #e2e2e2;-webkit-border-radius:0px;-moz-border-radius:0px;border-radius:0px;\"><img data-opt-id=1046758930  fetchpriority=\"high\" decoding=\"async\" class=\"person-img img-responsive wp-image-6734\" width=\"212\" height=\"212\" src=\"https:\/\/mlexcy8pajmr.i.optimole.com\/cb:PuJa.7b8\/w:auto\/h:auto\/q:mauto\/f:best\/https:\/\/compassionateottawa.ca\/wp-content\/uploads\/2026\/09\/Louise-Hanvey-2-3.jpg\" alt=\"Louise Hanvey \" \/><\/div><\/div><div class=\"person-desc\"><div class=\"person-author\"><div class=\"person-author-wrapper\"><span class=\"person-name\">Louise Hanvey <\/span><span class=\"person-title\"><\/span><\/div><\/div><div class=\"person-content fusion-clearfix\"><\/div><\/div><\/div><\/div><\/div><div class=\"fusion-layout-column fusion_builder_column_inner fusion-builder-nested-column-3 fusion_builder_column_inner_1_2 1_2 fusion-flex-column\" style=\"--awb-bg-size:cover;--awb-width-large:50%;--awb-margin-top-large:0px;--awb-spacing-right-large:4.75%;--awb-margin-bottom-large:20px;--awb-spacing-left-large:4.75%;--awb-width-medium:50%;--awb-order-medium:0;--awb-spacing-right-medium:4.75%;--awb-spacing-left-medium:4.75%;--awb-width-small:100%;--awb-order-small:0;--awb-spacing-right-small:2.375%;--awb-spacing-left-small:2.375%;\"><div class=\"fusion-column-wrapper fusion-column-has-shadow fusion-flex-justify-content-flex-start fusion-content-layout-column\"><div class=\"fusion-text fusion-text-3\" style=\"--awb-font-size:12px;\"><p><strong>Louise Hanvey<\/strong> est la responsable b\u00e9n\u00e9vole du programme \u00ab Planification pr\u00e9alable des soins \u00bb chez Compassion Ottawa. Infirmi\u00e8re dipl\u00f4m\u00e9e \u00e0 la retraite, elle a particip\u00e9 \u00e0 de nombreuses initiatives nationales dans le domaine des soins palliatifs. Plus r\u00e9cemment, elle a occup\u00e9 le poste de directrice du projet \u00ab Planification pr\u00e9alable des soins au Canada \u00bb au sein de l\u2019Association canadienne de soins palliatifs. Dans le cadre de ses fonctions, elle a lanc\u00e9 la campagne \u00ab Speak Up : Entamez la conversation sur les soins de fin de vie \u00bb. Louise poss\u00e8de une exp\u00e9rience en soins infirmiers dans les domaines de la sant\u00e9 publique, des h\u00f4pitaux et de la formation en soins infirmiers.<\/p>\n<\/div><\/div><\/div><\/div><div ><a class=\"fusion-button button-flat fusion-button-default-size button-default fusion-button-default button-1 fusion-button-default-span fusion-button-default-type\" target=\"_self\" href=\"https:\/\/us02web.zoom.us\/webinar\/register\/3917882889264\/WN_a6A4fGmeQkePqg5BHBKUGA\"><span class=\"fusion-button-text awb-button__text awb-button__text--default\">Inscrivez-vous ici<\/span><\/a><\/div><div class=\"fusion-builder-row fusion-builder-row-inner fusion-row fusion-flex-align-items-flex-start fusion-flex-content-wrap\" style=\"width:105% !important;max-width:105% !important;margin-left: calc(-5% \/ 2 );margin-right: calc(-5% \/ 2 );\"><div class=\"fusion-layout-column fusion_builder_column_inner fusion-builder-nested-column-4 fusion_builder_column_inner_1_2 1_2 fusion-flex-column\" style=\"--awb-bg-size:cover;--awb-width-large:50%;--awb-margin-top-large:0px;--awb-spacing-right-large:4.75%;--awb-margin-bottom-large:20px;--awb-spacing-left-large:4.75%;--awb-width-medium:50%;--awb-order-medium:0;--awb-spacing-right-medium:4.75%;--awb-spacing-left-medium:4.75%;--awb-width-small:100%;--awb-order-small:0;--awb-spacing-right-small:2.375%;--awb-spacing-left-small:2.375%;\"><div class=\"fusion-column-wrapper fusion-column-has-shadow fusion-flex-justify-content-flex-start fusion-content-layout-column\"><\/div><\/div><div class=\"fusion-layout-column fusion_builder_column_inner fusion-builder-nested-column-5 fusion_builder_column_inner_1_2 1_2 fusion-flex-column\" style=\"--awb-bg-size:cover;--awb-width-large:50%;--awb-margin-top-large:0px;--awb-spacing-right-large:4.75%;--awb-margin-bottom-large:20px;--awb-spacing-left-large:4.75%;--awb-width-medium:50%;--awb-order-medium:0;--awb-spacing-right-medium:4.75%;--awb-spacing-left-medium:4.75%;--awb-width-small:100%;--awb-order-small:0;--awb-spacing-right-small:2.375%;--awb-spacing-left-small:2.375%;\"><div class=\"fusion-column-wrapper fusion-column-has-shadow fusion-flex-justify-content-flex-start fusion-content-layout-column\"><\/div><\/div><\/div><\/div><\/div><\/div><\/div>\n","protected":false},"excerpt":{"rendered":"","protected":false},"author":4,"featured_media":6034,"template":"","meta":{"_acf_changed":false,"_tribe_events_status":"","_tribe_events_status_reason":"","footnotes":""},"tags":[],"tribe_events_cat":[57,55],"class_list":["post-6739","tribe_events","type-tribe_events","status-publish","has-post-thumbnail","hentry","tribe_events_cat-en-ligne-2","tribe_events_cat-ouvert-au-public-fr","cat_en-ligne-2","cat_ouvert-au-public-fr"],"acf":[],"yoast_head":"<!-- This site is optimized with the Yoast SEO plugin v28.4 - https:\/\/yoast.com\/product\/yoast-seo-wordpress\/ -->\n<title>Comprendre l&#039;aide m\u00e9dicale \u00e0 mourir (AMD)<\/title>\n<meta name=\"description\" content=\"L&#039;aide m\u00e9dicale \u00e0 mourir (AMM) occupe d\u00e9sormais une place importante dans les d\u00e9bats sur les soins de fin de vie au Canada.\" \/>\n<meta name=\"robots\" content=\"index, follow, max-snippet:-1, max-image-preview:large, max-video-preview:-1\" \/>\n<link rel=\"canonical\" href=\"https:\/\/compassionateottawa.ca\/fr\/event\/conversations-avec-des-leaders-comprendre-laide-medicale-a-mourir-amd\/\" \/>\n<meta property=\"og:locale\" content=\"fr_FR\" \/>\n<meta property=\"og:type\" content=\"article\" \/>\n<meta property=\"og:title\" content=\"Comprendre l&#039;aide m\u00e9dicale \u00e0 mourir (AMD)\" \/>\n<meta property=\"og:description\" content=\"L&#039;aide m\u00e9dicale \u00e0 mourir (AMM) occupe d\u00e9sormais une place importante dans les d\u00e9bats sur les soins de fin de vie au Canada.\" \/>\n<meta property=\"og:url\" content=\"https:\/\/compassionateottawa.ca\/fr\/event\/conversations-avec-des-leaders-comprendre-laide-medicale-a-mourir-amd\/\" \/>\n<meta property=\"og:site_name\" content=\"Compassionate Ottawa\" \/>\n<meta property=\"article:publisher\" content=\"https:\/\/www.facebook.com\/CompassionateOttawa\" \/>\n<meta property=\"og:image\" content=\"https:\/\/mlexcy8pajmr.i.optimole.com\/cb:PuJa.7b8\/w:auto\/h:auto\/q:mauto\/f:best\/id:f31b96646585d4670b140fae6219661e\/https:\/\/compassionateottawa.ca\/Conversations-With-Leaders.png\" \/>\n\t<meta property=\"og:image:width\" content=\"1024\" \/>\n\t<meta property=\"og:image:height\" content=\"512\" \/>\n\t<meta property=\"og:image:type\" content=\"image\/png\" \/>\n<meta name=\"twitter:card\" content=\"summary_large_image\" \/>\n<meta name=\"twitter:site\" content=\"@Compassionate_O\" \/>\n<meta name=\"twitter:label1\" content=\"Dur\u00e9e de lecture estim\u00e9e\" \/>\n\t<meta name=\"twitter:data1\" content=\"12 minutes\" \/>\n<script type=\"application\/ld+json\" class=\"yoast-schema-graph\">{\"@context\":\"https:\\\/\\\/schema.org\",\"@graph\":[{\"@type\":\"WebPage\",\"@id\":\"https:\\\/\\\/compassionateottawa.ca\\\/fr\\\/event\\\/conversations-avec-des-leaders-comprendre-laide-medicale-a-mourir-amd\\\/\",\"url\":\"https:\\\/\\\/compassionateottawa.ca\\\/fr\\\/event\\\/conversations-avec-des-leaders-comprendre-laide-medicale-a-mourir-amd\\\/\",\"name\":\"Comprendre l'aide m\u00e9dicale \u00e0 mourir (AMD)\",\"isPartOf\":{\"@id\":\"https:\\\/\\\/compassionateottawa.ca\\\/fr\\\/#website\"},\"primaryImageOfPage\":{\"@id\":\"https:\\\/\\\/compassionateottawa.ca\\\/fr\\\/event\\\/conversations-avec-des-leaders-comprendre-laide-medicale-a-mourir-amd\\\/#primaryimage\"},\"image\":{\"@id\":\"https:\\\/\\\/compassionateottawa.ca\\\/fr\\\/event\\\/conversations-avec-des-leaders-comprendre-laide-medicale-a-mourir-amd\\\/#primaryimage\"},\"thumbnailUrl\":\"https:\/\/mlexcy8pajmr.i.optimole.com\/cb:PuJa.7b8\/w:1920\/h:960\/q:mauto\/f:best\/id:f31b96646585d4670b140fae6219661e\/https:\/\/compassionateottawa.ca\/Conversations-With-Leaders.png\",\"datePublished\":\"2026-09-02T23:12:51+00:00\",\"description\":\"L'aide m\u00e9dicale \u00e0 mourir (AMM) occupe d\u00e9sormais une place importante dans les d\u00e9bats sur les soins de fin de vie au Canada.\",\"breadcrumb\":{\"@id\":\"https:\\\/\\\/compassionateottawa.ca\\\/fr\\\/event\\\/conversations-avec-des-leaders-comprendre-laide-medicale-a-mourir-amd\\\/#breadcrumb\"},\"inLanguage\":\"fr-FR\",\"potentialAction\":[{\"@type\":\"ReadAction\",\"target\":[\"https:\\\/\\\/compassionateottawa.ca\\\/fr\\\/event\\\/conversations-avec-des-leaders-comprendre-laide-medicale-a-mourir-amd\\\/\"]}]},{\"@type\":\"ImageObject\",\"inLanguage\":\"fr-FR\",\"@id\":\"https:\\\/\\\/compassionateottawa.ca\\\/fr\\\/event\\\/conversations-avec-des-leaders-comprendre-laide-medicale-a-mourir-amd\\\/#primaryimage\",\"url\":\"https:\/\/mlexcy8pajmr.i.optimole.com\/cb:PuJa.7b8\/w:1920\/h:960\/q:mauto\/f:best\/id:f31b96646585d4670b140fae6219661e\/https:\/\/compassionateottawa.ca\/Conversations-With-Leaders.png\",\"contentUrl\":\"https:\/\/mlexcy8pajmr.i.optimole.com\/cb:PuJa.7b8\/w:1920\/h:960\/q:mauto\/f:best\/id:f31b96646585d4670b140fae6219661e\/https:\/\/compassionateottawa.ca\/Conversations-With-Leaders.png\",\"width\":6912,\"height\":3456},{\"@type\":\"BreadcrumbList\",\"@id\":\"https:\\\/\\\/compassionateottawa.ca\\\/fr\\\/event\\\/conversations-avec-des-leaders-comprendre-laide-medicale-a-mourir-amd\\\/#breadcrumb\",\"itemListElement\":[{\"@type\":\"ListItem\",\"position\":1,\"name\":\"\u00c9v\u00e9nements\",\"item\":\"https:\\\/\\\/compassionateottawa.ca\\\/fr\\\/evenements\\\/\"},{\"@type\":\"ListItem\",\"position\":2,\"name\":\"Conversations avec des leaders: comprendre l&rsquo;aide m\u00e9dicale \u00e0 mourir (AMD)\"}]},{\"@type\":\"WebSite\",\"@id\":\"https:\\\/\\\/compassionateottawa.ca\\\/fr\\\/#website\",\"url\":\"https:\\\/\\\/compassionateottawa.ca\\\/fr\\\/\",\"name\":\"Compassionate Ottawa\",\"description\":\"Changing the culture of dying.\",\"publisher\":{\"@id\":\"https:\\\/\\\/compassionateottawa.ca\\\/fr\\\/#organization\"},\"potentialAction\":[{\"@type\":\"SearchAction\",\"target\":{\"@type\":\"EntryPoint\",\"urlTemplate\":\"https:\\\/\\\/compassionateottawa.ca\\\/fr\\\/?s={search_term_string}\"},\"query-input\":{\"@type\":\"PropertyValueSpecification\",\"valueRequired\":true,\"valueName\":\"search_term_string\"}}],\"inLanguage\":\"fr-FR\"},{\"@type\":\"Organization\",\"@id\":\"https:\\\/\\\/compassionateottawa.ca\\\/fr\\\/#organization\",\"name\":\"Compassionate Ottawa\",\"url\":\"https:\\\/\\\/compassionateottawa.ca\\\/fr\\\/\",\"logo\":{\"@type\":\"ImageObject\",\"inLanguage\":\"fr-FR\",\"@id\":\"https:\\\/\\\/compassionateottawa.ca\\\/fr\\\/#\\\/schema\\\/logo\\\/image\\\/\",\"url\":\"https:\\/\\/compassionateottawa.ca\\/wp-content\\/uploads\\/2021\\/04\\/Logo_Stacked_Com_Ottawa_RGB_en4x-scaled.jpg\",\"contentUrl\":\"https:\\/\\/compassionateottawa.ca\\/wp-content\\/uploads\\/2021\\/04\\/Logo_Stacked_Com_Ottawa_RGB_en4x-scaled.jpg\",\"width\":2560,\"height\":1212,\"caption\":\"Compassionate Ottawa\"},\"image\":{\"@id\":\"https:\\\/\\\/compassionateottawa.ca\\\/fr\\\/#\\\/schema\\\/logo\\\/image\\\/\"},\"sameAs\":[\"https:\\\/\\\/www.facebook.com\\\/CompassionateOttawa\",\"https:\\\/\\\/x.com\\\/Compassionate_O\",\"https:\\\/\\\/www.instagram.com\\\/compassionateottawa\\\/\",\"https:\\\/\\\/www.youtube.com\\\/channel\\\/UC35hBGbBRzX26uYdQ-yRWow\"]}]}<\/script>\n<!-- \/ Yoast SEO plugin. -->","yoast_head_json":{"title":"Comprendre l'aide m\u00e9dicale \u00e0 mourir (AMD)","description":"L'aide m\u00e9dicale \u00e0 mourir (AMM) occupe d\u00e9sormais une place importante dans les d\u00e9bats sur les soins de fin de vie au Canada.","robots":{"index":"index","follow":"follow","max-snippet":"max-snippet:-1","max-image-preview":"max-image-preview:large","max-video-preview":"max-video-preview:-1"},"canonical":"https:\/\/compassionateottawa.ca\/fr\/event\/conversations-avec-des-leaders-comprendre-laide-medicale-a-mourir-amd\/","og_locale":"fr_FR","og_type":"article","og_title":"Comprendre l'aide m\u00e9dicale \u00e0 mourir (AMD)","og_description":"L'aide m\u00e9dicale \u00e0 mourir (AMM) occupe d\u00e9sormais une place importante dans les d\u00e9bats sur les soins de fin de vie au Canada.","og_url":"https:\/\/compassionateottawa.ca\/fr\/event\/conversations-avec-des-leaders-comprendre-laide-medicale-a-mourir-amd\/","og_site_name":"Compassionate Ottawa","article_publisher":"https:\/\/www.facebook.com\/CompassionateOttawa","og_image":[{"width":1024,"height":512,"url":"https:\/\/mlexcy8pajmr.i.optimole.com\/cb:PuJa.7b8\/w:auto\/h:auto\/q:mauto\/f:best\/id:f31b96646585d4670b140fae6219661e\/https:\/\/compassionateottawa.ca\/Conversations-With-Leaders.png","type":"image\/png"}],"twitter_card":"summary_large_image","twitter_site":"@Compassionate_O","twitter_misc":{"Dur\u00e9e de lecture estim\u00e9e":"12 minutes"},"schema":{"@context":"https:\/\/schema.org","@graph":[{"@type":"WebPage","@id":"https:\/\/compassionateottawa.ca\/fr\/event\/conversations-avec-des-leaders-comprendre-laide-medicale-a-mourir-amd\/","url":"https:\/\/compassionateottawa.ca\/fr\/event\/conversations-avec-des-leaders-comprendre-laide-medicale-a-mourir-amd\/","name":"Comprendre l'aide m\u00e9dicale \u00e0 mourir (AMD)","isPartOf":{"@id":"https:\/\/compassionateottawa.ca\/fr\/#website"},"primaryImageOfPage":{"@id":"https:\/\/compassionateottawa.ca\/fr\/event\/conversations-avec-des-leaders-comprendre-laide-medicale-a-mourir-amd\/#primaryimage"},"image":{"@id":"https:\/\/compassionateottawa.ca\/fr\/event\/conversations-avec-des-leaders-comprendre-laide-medicale-a-mourir-amd\/#primaryimage"},"thumbnailUrl":"https:\/\/mlexcy8pajmr.i.optimole.com\/cb:PuJa.7b8\/w:1920\/h:960\/q:mauto\/f:best\/id:f31b96646585d4670b140fae6219661e\/https:\/\/compassionateottawa.ca\/Conversations-With-Leaders.png","datePublished":"2026-09-02T23:12:51+00:00","description":"L'aide m\u00e9dicale \u00e0 mourir (AMM) occupe d\u00e9sormais une place importante dans les d\u00e9bats sur les soins de fin de vie au Canada.","breadcrumb":{"@id":"https:\/\/compassionateottawa.ca\/fr\/event\/conversations-avec-des-leaders-comprendre-laide-medicale-a-mourir-amd\/#breadcrumb"},"inLanguage":"fr-FR","potentialAction":[{"@type":"ReadAction","target":["https:\/\/compassionateottawa.ca\/fr\/event\/conversations-avec-des-leaders-comprendre-laide-medicale-a-mourir-amd\/"]}]},{"@type":"ImageObject","inLanguage":"fr-FR","@id":"https:\/\/compassionateottawa.ca\/fr\/event\/conversations-avec-des-leaders-comprendre-laide-medicale-a-mourir-amd\/#primaryimage","url":"https:\/\/mlexcy8pajmr.i.optimole.com\/cb:PuJa.7b8\/w:1920\/h:960\/q:mauto\/f:best\/id:f31b96646585d4670b140fae6219661e\/https:\/\/compassionateottawa.ca\/Conversations-With-Leaders.png","contentUrl":"https:\/\/mlexcy8pajmr.i.optimole.com\/cb:PuJa.7b8\/w:1920\/h:960\/q:mauto\/f:best\/id:f31b96646585d4670b140fae6219661e\/https:\/\/compassionateottawa.ca\/Conversations-With-Leaders.png","width":6912,"height":3456},{"@type":"BreadcrumbList","@id":"https:\/\/compassionateottawa.ca\/fr\/event\/conversations-avec-des-leaders-comprendre-laide-medicale-a-mourir-amd\/#breadcrumb","itemListElement":[{"@type":"ListItem","position":1,"name":"\u00c9v\u00e9nements","item":"https:\/\/compassionateottawa.ca\/fr\/evenements\/"},{"@type":"ListItem","position":2,"name":"Conversations avec des leaders: comprendre l&rsquo;aide m\u00e9dicale \u00e0 mourir (AMD)"}]},{"@type":"WebSite","@id":"https:\/\/compassionateottawa.ca\/fr\/#website","url":"https:\/\/compassionateottawa.ca\/fr\/","name":"Compassionate Ottawa","description":"Changing the culture of dying.","publisher":{"@id":"https:\/\/compassionateottawa.ca\/fr\/#organization"},"potentialAction":[{"@type":"SearchAction","target":{"@type":"EntryPoint","urlTemplate":"https:\/\/compassionateottawa.ca\/fr\/?s={search_term_string}"},"query-input":{"@type":"PropertyValueSpecification","valueRequired":true,"valueName":"search_term_string"}}],"inLanguage":"fr-FR"},{"@type":"Organization","@id":"https:\/\/compassionateottawa.ca\/fr\/#organization","name":"Compassionate Ottawa","url":"https:\/\/compassionateottawa.ca\/fr\/","logo":{"@type":"ImageObject","inLanguage":"fr-FR","@id":"https:\/\/compassionateottawa.ca\/fr\/#\/schema\/logo\/image\/","url":"https:\/\/mlexcy8pajmr.i.optimole.com\/cb:PuJa.7b8\/w:auto\/h:auto\/q:mauto\/f:best\/https:\/\/compassionateottawa.ca\/wp-content\/uploads\/2021\/04\/Logo_Stacked_Com_Ottawa_RGB_en4x-scaled.jpg","contentUrl":"https:\/\/mlexcy8pajmr.i.optimole.com\/cb:PuJa.7b8\/w:auto\/h:auto\/q:mauto\/f:best\/https:\/\/compassionateottawa.ca\/wp-content\/uploads\/2021\/04\/Logo_Stacked_Com_Ottawa_RGB_en4x-scaled.jpg","width":2560,"height":1212,"caption":"Compassionate Ottawa"},"image":{"@id":"https:\/\/compassionateottawa.ca\/fr\/#\/schema\/logo\/image\/"},"sameAs":["https:\/\/www.facebook.com\/CompassionateOttawa","https:\/\/x.com\/Compassionate_O","https:\/\/www.instagram.com\/compassionateottawa\/","https:\/\/www.youtube.com\/channel\/UC35hBGbBRzX26uYdQ-yRWow"]}]}},"_links":{"self":[{"href":"https:\/\/compassionateottawa.ca\/fr\/wp-json\/wp\/v2\/tribe_events\/6739","targetHints":{"allow":["GET"]}}],"collection":[{"href":"https:\/\/compassionateottawa.ca\/fr\/wp-json\/wp\/v2\/tribe_events"}],"about":[{"href":"https:\/\/compassionateottawa.ca\/fr\/wp-json\/wp\/v2\/types\/tribe_events"}],"author":[{"embeddable":true,"href":"https:\/\/compassionateottawa.ca\/fr\/wp-json\/wp\/v2\/users\/4"}],"version-history":[{"count":2,"href":"https:\/\/compassionateottawa.ca\/fr\/wp-json\/wp\/v2\/tribe_events\/6739\/revisions"}],"predecessor-version":[{"id":6741,"href":"https:\/\/compassionateottawa.ca\/fr\/wp-json\/wp\/v2\/tribe_events\/6739\/revisions\/6741"}],"wp:featuredmedia":[{"embeddable":true,"href":"https:\/\/compassionateottawa.ca\/fr\/wp-json\/wp\/v2\/media\/6034"}],"wp:attachment":[{"href":"https:\/\/compassionateottawa.ca\/fr\/wp-json\/wp\/v2\/media?parent=6739"}],"wp:term":[{"taxonomy":"post_tag","embeddable":true,"href":"https:\/\/compassionateottawa.ca\/fr\/wp-json\/wp\/v2\/tags?post=6739"},{"taxonomy":"tribe_events_cat","embeddable":true,"href":"https:\/\/compassionateottawa.ca\/fr\/wp-json\/wp\/v2\/tribe_events_cat?post=6739"}],"curies":[{"name":"wp","href":"https:\/\/api.w.org\/{rel}","templated":true}]}}