{"id":5519,"date":"2023-09-14T09:58:38","date_gmt":"2023-09-14T13:58:38","guid":{"rendered":"https:\/\/compassionateottawa.ca\/event\/au-coeur-du-sujet-atelier-sur-le-chagrin-et-le-deui\/"},"modified":"2023-09-20T14:48:10","modified_gmt":"2023-09-20T18:48:10","slug":"au-coeur-du-sujet-atelier-sur-le-chagrin-et-le-deui","status":"publish","type":"tribe_events","link":"https:\/\/compassionateottawa.ca\/fr\/event\/au-coeur-du-sujet-atelier-sur-le-chagrin-et-le-deui\/","title":{"rendered":"Au c\u0153ur du sujet &#8211; Atelier sur le chagrin et le deui"},"content":{"rendered":"<div class=\"fusion-fullwidth fullwidth-box fusion-builder-row-1 fusion-flex-container nonhundred-percent-fullwidth non-hundred-percent-height-scrolling\" style=\"--awb-border-radius-top-left:0px;--awb-border-radius-top-right:0px;--awb-border-radius-bottom-right:0px;--awb-border-radius-bottom-left:0px;--awb-flex-wrap:wrap;\" ><div class=\"fusion-builder-row fusion-row fusion-flex-align-items-flex-start fusion-flex-content-wrap\" style=\"max-width:1365px;margin-left: calc(-5% \/ 2 );margin-right: calc(-5% \/ 2 );\"><div class=\"fusion-layout-column fusion_builder_column fusion-builder-column-0 fusion_builder_column_1_1 1_1 fusion-flex-column\" style=\"--awb-bg-blend:overlay;--awb-bg-size:cover;--awb-width-large:100%;--awb-margin-top-large:0px;--awb-spacing-right-large:2.375%;--awb-margin-bottom-large:0px;--awb-spacing-left-large:2.375%;--awb-width-medium:100%;--awb-spacing-right-medium:2.375%;--awb-spacing-left-medium:2.375%;--awb-width-small:100%;--awb-spacing-right-small:2.375%;--awb-spacing-left-small:2.375%;\"><div class=\"fusion-column-wrapper fusion-flex-justify-content-flex-start fusion-content-layout-column\"><div class=\"fusion-text fusion-text-1\"><p>Le deuil peut \u00eatre compliqu\u00e9 et difficile. Tout le monde en fait l&rsquo;exp\u00e9rience, quels que soient son \u00e2ge, son \u00e9tat de sant\u00e9 et ses ant\u00e9c\u00e9dents, y compris les personnes souffrant de maladies graves ou de probl\u00e8mes de sant\u00e9, comme le cancer. Les personnes touch\u00e9es par le cancer peuvent \u00eatre confront\u00e9es \u00e0 de nombreuses formes de deuil, y compris le deuil compliqu\u00e9 et le deuil anticip\u00e9.<\/p>\n<p>Beaucoup d&rsquo;entre nous ne sont pas \u00e0 l&rsquo;aise pour parler du deuil. Pour mieux vous soutenir, vous et votre communaut\u00e9, Compassion Ottawa, en partenariat avec la Fondation du cancer de la r\u00e9gion d&rsquo;Ottawa, vous invite \u00e0 participer \u00e0 un atelier gratuit sur le chagrin et le deuil, intitul\u00e9 \u00a0\u00bb Au c\u0153ur du Sujet \u00ab\u00a0. Dans cet atelier, vous serez guid\u00e9 \u00e0 travers une session interactive par des animateurs form\u00e9s pour accro\u00eetre vos connaissances et votre aisance sur le sujet. Vous recevrez \u00e9galement des outils et des techniques pour discuter avec les personnes de votre entourage qui vivent un deuil, y compris celles qui sont touch\u00e9es par une maladie grave, afin de pouvoir mieux les soutenir et vous soutenir vous-m\u00eame.<\/p>\n<p>Gratuit pour les personnes touch\u00e9es par le cancer et leurs aidants, gr\u00e2ce \u00e0 la g\u00e9n\u00e9rosit\u00e9 de nos donateurs.<\/p>\n<\/div><div ><a class=\"fusion-button button-flat fusion-button-default-size button-default fusion-button-default button-1 fusion-button-default-span fusion-button-default-type\" target=\"_self\" href=\"https:\/\/www.ottawacancer.ca\/calendar\/\"><span class=\"fusion-button-text awb-button__text awb-button__text--default\">Inscrivez-vous ici<\/span><\/a><\/div><\/div><\/div><\/div><\/div>\n<p>**Propos\u00e9 en anglais uniquement<\/p>\n","protected":false},"excerpt":{"rendered":"<p>**Propos\u00e9 en anglais uniquement<\/p>\n","protected":false},"author":4,"featured_media":5511,"template":"","meta":{"_acf_changed":false,"_tribe_events_status":"","_tribe_events_status_reason":"","footnotes":""},"tags":[],"tribe_events_cat":[56,55],"class_list":["post-5519","tribe_events","type-tribe_events","status-publish","has-post-thumbnail","hentry","tribe_events_cat-evenement-en-personne","tribe_events_cat-ouvert-au-public-fr","cat_evenement-en-personne","cat_ouvert-au-public-fr"],"acf":[],"yoast_head":"<!-- This site is optimized with the Yoast SEO plugin v27.4 - https:\/\/yoast.com\/product\/yoast-seo-wordpress\/ -->\n<title>Au c\u0153ur du sujet - Atelier sur le chagrin et le deui &#8211; Compassionate Ottawa<\/title>\n<meta name=\"robots\" content=\"index, follow, max-snippet:-1, max-image-preview:large, max-video-preview:-1\" \/>\n<link rel=\"canonical\" href=\"https:\/\/compassionateottawa.ca\/fr\/event\/au-coeur-du-sujet-atelier-sur-le-chagrin-et-le-deui\/\" \/>\n<meta property=\"og:locale\" content=\"fr_FR\" \/>\n<meta property=\"og:type\" content=\"article\" \/>\n<meta property=\"og:title\" content=\"Au c\u0153ur du sujet - Atelier sur le chagrin et le deui &#8211; Compassionate Ottawa\" \/>\n<meta property=\"og:description\" content=\"**Propos\u00e9 en anglais uniquement\" \/>\n<meta property=\"og:url\" content=\"https:\/\/compassionateottawa.ca\/fr\/event\/au-coeur-du-sujet-atelier-sur-le-chagrin-et-le-deui\/\" \/>\n<meta property=\"og:site_name\" content=\"Compassionate Ottawa\" \/>\n<meta property=\"article:publisher\" content=\"https:\/\/www.facebook.com\/CompassionateOttawa\" \/>\n<meta property=\"article:modified_time\" content=\"2023-09-20T18:48:10+00:00\" \/>\n<meta property=\"og:image\" content=\"https:\/\/mlexcy8pajmr.i.optimole.com\/cb:PuJa.7b8\/w:auto\/h:auto\/q:mauto\/f:best\/id:ef86b95e4b869d192edc6ea8048a5d79\/https:\/\/compassionateottawa.ca\/Mountains-.png\" \/>\n\t<meta property=\"og:image:width\" content=\"940\" \/>\n\t<meta property=\"og:image:height\" content=\"788\" \/>\n\t<meta property=\"og:image:type\" content=\"image\/png\" \/>\n<meta name=\"twitter:card\" content=\"summary_large_image\" \/>\n<meta name=\"twitter:site\" content=\"@Compassionate_O\" \/>\n<meta name=\"twitter:label1\" content=\"Dur\u00e9e de lecture estim\u00e9e\" \/>\n\t<meta name=\"twitter:data1\" content=\"2 minutes\" \/>\n<script type=\"application\/ld+json\" class=\"yoast-schema-graph\">{\"@context\":\"https:\\\/\\\/schema.org\",\"@graph\":[{\"@type\":\"WebPage\",\"@id\":\"https:\\\/\\\/compassionateottawa.ca\\\/fr\\\/event\\\/au-coeur-du-sujet-atelier-sur-le-chagrin-et-le-deui\\\/\",\"url\":\"https:\\\/\\\/compassionateottawa.ca\\\/fr\\\/event\\\/au-coeur-du-sujet-atelier-sur-le-chagrin-et-le-deui\\\/\",\"name\":\"Au c\u0153ur du sujet - Atelier sur le chagrin et le deui &#8211; Compassionate Ottawa\",\"isPartOf\":{\"@id\":\"https:\\\/\\\/compassionateottawa.ca\\\/fr\\\/#website\"},\"primaryImageOfPage\":{\"@id\":\"https:\\\/\\\/compassionateottawa.ca\\\/fr\\\/event\\\/au-coeur-du-sujet-atelier-sur-le-chagrin-et-le-deui\\\/#primaryimage\"},\"image\":{\"@id\":\"https:\\\/\\\/compassionateottawa.ca\\\/fr\\\/event\\\/au-coeur-du-sujet-atelier-sur-le-chagrin-et-le-deui\\\/#primaryimage\"},\"thumbnailUrl\":\"https:\/\/mlexcy8pajmr.i.optimole.com\/cb:PuJa.7b8\/w:940\/h:788\/q:mauto\/f:best\/id:ef86b95e4b869d192edc6ea8048a5d79\/https:\/\/compassionateottawa.ca\/Mountains-.png\",\"datePublished\":\"2023-09-14T13:58:38+00:00\",\"dateModified\":\"2023-09-20T18:48:10+00:00\",\"breadcrumb\":{\"@id\":\"https:\\\/\\\/compassionateottawa.ca\\\/fr\\\/event\\\/au-coeur-du-sujet-atelier-sur-le-chagrin-et-le-deui\\\/#breadcrumb\"},\"inLanguage\":\"fr-FR\",\"potentialAction\":[{\"@type\":\"ReadAction\",\"target\":[\"https:\\\/\\\/compassionateottawa.ca\\\/fr\\\/event\\\/au-coeur-du-sujet-atelier-sur-le-chagrin-et-le-deui\\\/\"]}]},{\"@type\":\"ImageObject\",\"inLanguage\":\"fr-FR\",\"@id\":\"https:\\\/\\\/compassionateottawa.ca\\\/fr\\\/event\\\/au-coeur-du-sujet-atelier-sur-le-chagrin-et-le-deui\\\/#primaryimage\",\"url\":\"https:\/\/mlexcy8pajmr.i.optimole.com\/cb:PuJa.7b8\/w:940\/h:788\/q:mauto\/f:best\/id:ef86b95e4b869d192edc6ea8048a5d79\/https:\/\/compassionateottawa.ca\/Mountains-.png\",\"contentUrl\":\"https:\/\/mlexcy8pajmr.i.optimole.com\/cb:PuJa.7b8\/w:940\/h:788\/q:mauto\/f:best\/id:ef86b95e4b869d192edc6ea8048a5d79\/https:\/\/compassionateottawa.ca\/Mountains-.png\",\"width\":940,\"height\":788},{\"@type\":\"BreadcrumbList\",\"@id\":\"https:\\\/\\\/compassionateottawa.ca\\\/fr\\\/event\\\/au-coeur-du-sujet-atelier-sur-le-chagrin-et-le-deui\\\/#breadcrumb\",\"itemListElement\":[{\"@type\":\"ListItem\",\"position\":1,\"name\":\"\u00c9v\u00e9nements\",\"item\":\"https:\\\/\\\/compassionateottawa.ca\\\/fr\\\/evenements\\\/\"},{\"@type\":\"ListItem\",\"position\":2,\"name\":\"Au c\u0153ur du sujet &#8211; Atelier sur le chagrin et le deui\"}]},{\"@type\":\"WebSite\",\"@id\":\"https:\\\/\\\/compassionateottawa.ca\\\/fr\\\/#website\",\"url\":\"https:\\\/\\\/compassionateottawa.ca\\\/fr\\\/\",\"name\":\"Compassionate Ottawa\",\"description\":\"Changing the culture of dying.\",\"publisher\":{\"@id\":\"https:\\\/\\\/compassionateottawa.ca\\\/fr\\\/#organization\"},\"potentialAction\":[{\"@type\":\"SearchAction\",\"target\":{\"@type\":\"EntryPoint\",\"urlTemplate\":\"https:\\\/\\\/compassionateottawa.ca\\\/fr\\\/?s={search_term_string}\"},\"query-input\":{\"@type\":\"PropertyValueSpecification\",\"valueRequired\":true,\"valueName\":\"search_term_string\"}}],\"inLanguage\":\"fr-FR\"},{\"@type\":\"Organization\",\"@id\":\"https:\\\/\\\/compassionateottawa.ca\\\/fr\\\/#organization\",\"name\":\"Compassionate Ottawa\",\"url\":\"https:\\\/\\\/compassionateottawa.ca\\\/fr\\\/\",\"logo\":{\"@type\":\"ImageObject\",\"inLanguage\":\"fr-FR\",\"@id\":\"https:\\\/\\\/compassionateottawa.ca\\\/fr\\\/#\\\/schema\\\/logo\\\/image\\\/\",\"url\":\"https:\\/\\/compassionateottawa.ca\\/wp-content\\/uploads\\/2021\\/04\\/Logo_Stacked_Com_Ottawa_RGB_en4x-scaled.jpg\",\"contentUrl\":\"https:\\/\\/compassionateottawa.ca\\/wp-content\\/uploads\\/2021\\/04\\/Logo_Stacked_Com_Ottawa_RGB_en4x-scaled.jpg\",\"width\":2560,\"height\":1212,\"caption\":\"Compassionate Ottawa\"},\"image\":{\"@id\":\"https:\\\/\\\/compassionateottawa.ca\\\/fr\\\/#\\\/schema\\\/logo\\\/image\\\/\"},\"sameAs\":[\"https:\\\/\\\/www.facebook.com\\\/CompassionateOttawa\",\"https:\\\/\\\/x.com\\\/Compassionate_O\",\"https:\\\/\\\/www.instagram.com\\\/compassionateottawa\\\/\",\"https:\\\/\\\/www.youtube.com\\\/channel\\\/UC35hBGbBRzX26uYdQ-yRWow\"]}]}<\/script>\n<!-- \/ Yoast SEO plugin. -->","yoast_head_json":{"title":"Au c\u0153ur du sujet - Atelier sur le chagrin et le deui &#8211; Compassionate Ottawa","robots":{"index":"index","follow":"follow","max-snippet":"max-snippet:-1","max-image-preview":"max-image-preview:large","max-video-preview":"max-video-preview:-1"},"canonical":"https:\/\/compassionateottawa.ca\/fr\/event\/au-coeur-du-sujet-atelier-sur-le-chagrin-et-le-deui\/","og_locale":"fr_FR","og_type":"article","og_title":"Au c\u0153ur du sujet - Atelier sur le chagrin et le deui &#8211; Compassionate Ottawa","og_description":"**Propos\u00e9 en anglais uniquement","og_url":"https:\/\/compassionateottawa.ca\/fr\/event\/au-coeur-du-sujet-atelier-sur-le-chagrin-et-le-deui\/","og_site_name":"Compassionate Ottawa","article_publisher":"https:\/\/www.facebook.com\/CompassionateOttawa","article_modified_time":"2023-09-20T18:48:10+00:00","og_image":[{"width":940,"height":788,"url":"https:\/\/mlexcy8pajmr.i.optimole.com\/cb:PuJa.7b8\/w:auto\/h:auto\/q:mauto\/f:best\/id:ef86b95e4b869d192edc6ea8048a5d79\/https:\/\/compassionateottawa.ca\/Mountains-.png","type":"image\/png"}],"twitter_card":"summary_large_image","twitter_site":"@Compassionate_O","twitter_misc":{"Dur\u00e9e de lecture estim\u00e9e":"2 minutes"},"schema":{"@context":"https:\/\/schema.org","@graph":[{"@type":"WebPage","@id":"https:\/\/compassionateottawa.ca\/fr\/event\/au-coeur-du-sujet-atelier-sur-le-chagrin-et-le-deui\/","url":"https:\/\/compassionateottawa.ca\/fr\/event\/au-coeur-du-sujet-atelier-sur-le-chagrin-et-le-deui\/","name":"Au c\u0153ur du sujet - Atelier sur le chagrin et le deui &#8211; Compassionate Ottawa","isPartOf":{"@id":"https:\/\/compassionateottawa.ca\/fr\/#website"},"primaryImageOfPage":{"@id":"https:\/\/compassionateottawa.ca\/fr\/event\/au-coeur-du-sujet-atelier-sur-le-chagrin-et-le-deui\/#primaryimage"},"image":{"@id":"https:\/\/compassionateottawa.ca\/fr\/event\/au-coeur-du-sujet-atelier-sur-le-chagrin-et-le-deui\/#primaryimage"},"thumbnailUrl":"https:\/\/mlexcy8pajmr.i.optimole.com\/cb:PuJa.7b8\/w:940\/h:788\/q:mauto\/f:best\/id:ef86b95e4b869d192edc6ea8048a5d79\/https:\/\/compassionateottawa.ca\/Mountains-.png","datePublished":"2023-09-14T13:58:38+00:00","dateModified":"2023-09-20T18:48:10+00:00","breadcrumb":{"@id":"https:\/\/compassionateottawa.ca\/fr\/event\/au-coeur-du-sujet-atelier-sur-le-chagrin-et-le-deui\/#breadcrumb"},"inLanguage":"fr-FR","potentialAction":[{"@type":"ReadAction","target":["https:\/\/compassionateottawa.ca\/fr\/event\/au-coeur-du-sujet-atelier-sur-le-chagrin-et-le-deui\/"]}]},{"@type":"ImageObject","inLanguage":"fr-FR","@id":"https:\/\/compassionateottawa.ca\/fr\/event\/au-coeur-du-sujet-atelier-sur-le-chagrin-et-le-deui\/#primaryimage","url":"https:\/\/mlexcy8pajmr.i.optimole.com\/cb:PuJa.7b8\/w:940\/h:788\/q:mauto\/f:best\/id:ef86b95e4b869d192edc6ea8048a5d79\/https:\/\/compassionateottawa.ca\/Mountains-.png","contentUrl":"https:\/\/mlexcy8pajmr.i.optimole.com\/cb:PuJa.7b8\/w:940\/h:788\/q:mauto\/f:best\/id:ef86b95e4b869d192edc6ea8048a5d79\/https:\/\/compassionateottawa.ca\/Mountains-.png","width":940,"height":788},{"@type":"BreadcrumbList","@id":"https:\/\/compassionateottawa.ca\/fr\/event\/au-coeur-du-sujet-atelier-sur-le-chagrin-et-le-deui\/#breadcrumb","itemListElement":[{"@type":"ListItem","position":1,"name":"\u00c9v\u00e9nements","item":"https:\/\/compassionateottawa.ca\/fr\/evenements\/"},{"@type":"ListItem","position":2,"name":"Au c\u0153ur du sujet &#8211; Atelier sur le chagrin et le deui"}]},{"@type":"WebSite","@id":"https:\/\/compassionateottawa.ca\/fr\/#website","url":"https:\/\/compassionateottawa.ca\/fr\/","name":"Compassionate Ottawa","description":"Changing the culture of dying.","publisher":{"@id":"https:\/\/compassionateottawa.ca\/fr\/#organization"},"potentialAction":[{"@type":"SearchAction","target":{"@type":"EntryPoint","urlTemplate":"https:\/\/compassionateottawa.ca\/fr\/?s={search_term_string}"},"query-input":{"@type":"PropertyValueSpecification","valueRequired":true,"valueName":"search_term_string"}}],"inLanguage":"fr-FR"},{"@type":"Organization","@id":"https:\/\/compassionateottawa.ca\/fr\/#organization","name":"Compassionate Ottawa","url":"https:\/\/compassionateottawa.ca\/fr\/","logo":{"@type":"ImageObject","inLanguage":"fr-FR","@id":"https:\/\/compassionateottawa.ca\/fr\/#\/schema\/logo\/image\/","url":"https:\/\/mlexcy8pajmr.i.optimole.com\/cb:PuJa.7b8\/w:auto\/h:auto\/q:mauto\/f:best\/https:\/\/compassionateottawa.ca\/wp-content\/uploads\/2021\/04\/Logo_Stacked_Com_Ottawa_RGB_en4x-scaled.jpg","contentUrl":"https:\/\/mlexcy8pajmr.i.optimole.com\/cb:PuJa.7b8\/w:auto\/h:auto\/q:mauto\/f:best\/https:\/\/compassionateottawa.ca\/wp-content\/uploads\/2021\/04\/Logo_Stacked_Com_Ottawa_RGB_en4x-scaled.jpg","width":2560,"height":1212,"caption":"Compassionate Ottawa"},"image":{"@id":"https:\/\/compassionateottawa.ca\/fr\/#\/schema\/logo\/image\/"},"sameAs":["https:\/\/www.facebook.com\/CompassionateOttawa","https:\/\/x.com\/Compassionate_O","https:\/\/www.instagram.com\/compassionateottawa\/","https:\/\/www.youtube.com\/channel\/UC35hBGbBRzX26uYdQ-yRWow"]}]}},"_links":{"self":[{"href":"https:\/\/compassionateottawa.ca\/fr\/wp-json\/wp\/v2\/tribe_events\/5519","targetHints":{"allow":["GET"]}}],"collection":[{"href":"https:\/\/compassionateottawa.ca\/fr\/wp-json\/wp\/v2\/tribe_events"}],"about":[{"href":"https:\/\/compassionateottawa.ca\/fr\/wp-json\/wp\/v2\/types\/tribe_events"}],"author":[{"embeddable":true,"href":"https:\/\/compassionateottawa.ca\/fr\/wp-json\/wp\/v2\/users\/4"}],"version-history":[{"count":3,"href":"https:\/\/compassionateottawa.ca\/fr\/wp-json\/wp\/v2\/tribe_events\/5519\/revisions"}],"predecessor-version":[{"id":5539,"href":"https:\/\/compassionateottawa.ca\/fr\/wp-json\/wp\/v2\/tribe_events\/5519\/revisions\/5539"}],"wp:featuredmedia":[{"embeddable":true,"href":"https:\/\/compassionateottawa.ca\/fr\/wp-json\/wp\/v2\/media\/5511"}],"wp:attachment":[{"href":"https:\/\/compassionateottawa.ca\/fr\/wp-json\/wp\/v2\/media?parent=5519"}],"wp:term":[{"taxonomy":"post_tag","embeddable":true,"href":"https:\/\/compassionateottawa.ca\/fr\/wp-json\/wp\/v2\/tags?post=5519"},{"taxonomy":"tribe_events_cat","embeddable":true,"href":"https:\/\/compassionateottawa.ca\/fr\/wp-json\/wp\/v2\/tribe_events_cat?post=5519"}],"curies":[{"name":"wp","href":"https:\/\/api.w.org\/{rel}","templated":true}]}}